{"id":281,"date":"2014-11-18T21:00:58","date_gmt":"2014-11-18T20:00:58","guid":{"rendered":"http:\/\/www.pollensahotels.com\/?page_id=281"},"modified":"2014-11-18T21:01:33","modified_gmt":"2014-11-18T20:01:33","slug":"environs-activites","status":"publish","type":"page","link":"https:\/\/www.pollensahotels.com\/fr\/environs-activites\/","title":{"rendered":"Environs et activit\u00e9s"},"content":{"rendered":"<h3>Culture<\/h3>\n<p><img loading=\"lazy\" decoding=\"async\" src=\"http:\/\/www.pollensahotels.com\/wp-content\/uploads\/2014\/10\/foto-cultura.jpg\" alt=\"Culture Pollen\u00e7a: Festival de M\u00fasica de Pollen\u00e7a\" width=\"400\" height=\"300\" class=\"alignright size-full wp-image-92\" srcset=\"https:\/\/www.pollensahotels.com\/wp-content\/uploads\/2014\/10\/foto-cultura.jpg 400w, https:\/\/www.pollensahotels.com\/wp-content\/uploads\/2014\/10\/foto-cultura-300x225.jpg 300w\" sizes=\"auto, (max-width: 400px) 100vw, 400px\" \/><\/p>\n<p>La trajectoire culturelle de la ville de Pollen\u00e7a se traduit par la grande quantit\u00e9 d&rsquo;\u00e9v\u00e9nements organis\u00e9s pendant toute l&rsquo;ann\u00e9e. Le plus important est sans aucun doute le <a href=\"http:\/\/www.festivalpollenca.com\/\">Festival de Pollen\u00e7a<\/a>, qui r\u00e9unit ann\u00e9e apr\u00e8s ann\u00e9e une grande quantit\u00e9 d&rsquo;artistes de musique classique et populaire, offrant des concerts dans le cadre incomparable qu&rsquo;est le Claustre (clo\u00eetre) de Sant Domingo. <\/p>\n<p>D&rsquo;ailleurs, de nombreux musiciens et artistes du Festival, choisissent l&rsquo;Hotel Juma pour leur s\u00e9jour \u00e0 Pollen\u00e7a.<\/p>\n<h3>Les environs<\/h3>\n<p><img loading=\"lazy\" decoding=\"async\" src=\"http:\/\/www.pollensahotels.com\/wp-content\/uploads\/2014\/10\/foto-entorn.jpg\" alt=\"Nord de Majorque\" width=\"400\" height=\"300\" class=\"alignright size-full wp-image-93\" srcset=\"https:\/\/www.pollensahotels.com\/wp-content\/uploads\/2014\/10\/foto-entorn.jpg 400w, https:\/\/www.pollensahotels.com\/wp-content\/uploads\/2014\/10\/foto-entorn-300x225.jpg 300w\" sizes=\"auto, (max-width: 400px) 100vw, 400px\" \/><\/p>\n<p>Le nord de Majorque est l\u2019un des sites les plus captivants de la Mediterran\u00e9e. Situ\u00e9 \u00e0 l&rsquo;extr\u00eame nord  de la Serra (cha\u00eene de montagnes) de Tramontana, Pollen\u00e7a est r\u00e9put\u00e9e pour sa beaut\u00e9 et l&rsquo;hospitalit\u00e9  de ses habitants. Se perdre dans ses ruelles, passer du temps sur sa place, b\u00e9n\u00e9ficier de l&rsquo;offre culturelle et de la tradition de ses f\u00eates ou visiter le march\u00e9 hebdomadaire, sont quelques unes des activit\u00e9s que vous pourrez r\u00e9aliser pendant vos s\u00e9jours. <\/p>\n<p>\u00c0 Pollen\u00e7a, vous pourrez profiter de plages tranquilles et de criques escarp\u00e9es, de randonn\u00e9es en montagnes et vall\u00e9es, de promenades \u00e0 v\u00e9lo ; la bonne combinaison de loisirs, nature et environnement.<\/p>\n<h3>Foires et \u00e9v\u00e9nements<\/h3>\n<p><img loading=\"lazy\" decoding=\"async\" src=\"http:\/\/www.pollensahotels.com\/wp-content\/uploads\/2014\/10\/foto-fires.jpg\" alt=\"Foires evenements Pollen\u00e7a\" width=\"400\" height=\"300\" class=\"alignright size-full wp-image-94\" srcset=\"https:\/\/www.pollensahotels.com\/wp-content\/uploads\/2014\/10\/foto-fires.jpg 400w, https:\/\/www.pollensahotels.com\/wp-content\/uploads\/2014\/10\/foto-fires-300x225.jpg 300w\" sizes=\"auto, (max-width: 400px) 100vw, 400px\" \/><\/p>\n<p>La traditionnelle foire d\u2019artisanat de Pollen\u00e7a est devenue avec le temps, une r\u00e9f\u00e9rence \u00e0 Majorque. Elle a lieu le deuxi\u00e8me dimanche de novembre. Les artisans, agriculteurs et commer\u00e7ants inondent toute la ville dans une ambiance de festivit\u00e9 automnale.<\/p>\n<p>Ces derni\u00e8res ann\u00e9es, la foire du vin, qui a lieu pendant le printemps, est devenue de plus en plus importante. Les meilleures caves des Iles Bal\u00e9ares y donnent \u00e0 conna\u00eetre leurs produits.<\/p>\n<h3>F\u00eates foraines<\/h3>\n<p><img loading=\"lazy\" decoding=\"async\" src=\"http:\/\/www.pollensahotels.com\/wp-content\/uploads\/2014\/10\/foto-festes.jpg\" alt=\"Pollen\u00e7a fetes foraines\" width=\"400\" height=\"300\" class=\"alignright size-full wp-image-95\" srcset=\"https:\/\/www.pollensahotels.com\/wp-content\/uploads\/2014\/10\/foto-festes.jpg 400w, https:\/\/www.pollensahotels.com\/wp-content\/uploads\/2014\/10\/foto-festes-300x225.jpg 300w\" sizes=\"auto, (max-width: 400px) 100vw, 400px\" \/><\/p>\n<p>Les gens de Pollen\u00e7a savent combiner \u00e0 la perfection les moments de travail et de d\u00e9tente. Une bonne preuve, ce sont les nombreuses f\u00eates foraines toute l\u2019ann\u00e9e.<\/p>\n<p>En hiver, la f\u00eate de la Saint Antoine, qui a lieu le 17 janvier, est tr\u00e8s ancr\u00e9 dans toute l\u2019\u00eele. Pollen\u00e7a a la particularit\u00e9 d\u2019organiser la grimp\u00e9e du \u00ab pi de Sant Antoni \u00bb (pin de la Saint Antoine) pour les jeunes de la ville. Mais il y a une festivit\u00e9 pour laquelle Pollen\u00e7a est encore mieux connue: la f\u00eate de la patronne, \u00ab Mare de Deu dels \u00c0ngels \u00bb. <\/p>\n<p>Elle commence le 26 juillet et se termine le 2 ao\u00fbt avec la traditionnelle danse des \u00ab Cossiers \u00bb et le spectaculaire \u00ab Simulacre de maures et chr\u00e9tiens \u00bb en guise de conclusion.<\/p>\n<p>P\u00e2ques est une semaine tr\u00e8s importante, dite la Semaine Sainte. Le Vendredi Saint, une procession de p\u00e9nitents descend l\u2019escalier du Calvaire. C\u2019est un des \u00e9v\u00e9nements le plus visit\u00e9s de l\u2019ann\u00e9e.<\/p>\n","protected":false},"excerpt":{"rendered":"<p>Culture La trajectoire culturelle de la ville de Pollen\u00e7a se traduit par la grande quantit\u00e9 d&rsquo;\u00e9v\u00e9nements organis\u00e9s pendant toute l&rsquo;ann\u00e9e. Le plus important est sans aucun doute le Festival de Pollen\u00e7a, qui r\u00e9unit ann\u00e9e apr\u00e8s ann\u00e9e une grande quantit\u00e9 d&rsquo;artistes de musique classique et populaire, offrant des concerts dans le cadre incomparable qu&rsquo;est le Claustre [&hellip;]<\/p>\n","protected":false},"author":1,"featured_media":0,"parent":0,"menu_order":0,"comment_status":"closed","ping_status":"closed","template":"","meta":{"footnotes":""},"class_list":["post-281","page","type-page","status-publish","hentry"],"_links":{"self":[{"href":"https:\/\/www.pollensahotels.com\/fr\/wp-json\/wp\/v2\/pages\/281\/"}],"collection":[{"href":"https:\/\/www.pollensahotels.com\/fr\/wp-json\/wp\/v2\/pages\/"}],"about":[{"href":"https:\/\/www.pollensahotels.com\/fr\/wp-json\/wp\/v2\/types\/page\/"}],"author":[{"embeddable":true,"href":"https:\/\/www.pollensahotels.com\/fr\/wp-json\/wp\/v2\/users\/1\/"}],"replies":[{"embeddable":true,"href":"https:\/\/www.pollensahotels.com\/fr\/wp-json\/wp\/v2\/comments\/?post=281"}],"version-history":[{"count":0,"href":"https:\/\/www.pollensahotels.com\/fr\/wp-json\/wp\/v2\/pages\/281\/revisions\/"}],"wp:attachment":[{"href":"https:\/\/www.pollensahotels.com\/fr\/wp-json\/wp\/v2\/media\/?parent=281"}],"curies":[{"name":"wp","href":"https:\/\/api.w.org\/{rel}","templated":true}]}}